{"id":3920,"date":"2021-09-12T08:20:02","date_gmt":"2021-09-12T06:20:02","guid":{"rendered":"https:\/\/www.tauli.cat\/actualitat\/?page_id=3920"},"modified":"2025-09-09T09:17:06","modified_gmt":"2025-09-09T07:17:06","slug":"noticia","status":"publish","type":"page","link":"https:\/\/www.tauli.cat\/actualitat\/noticia\/","title":{"rendered":"Not\u00edcies"},"content":{"rendered":"<p>[vc_row][vc_column]\t\t<div class=\"eut-element eut-blog eut-small-media eut-non-isotope like-grid eut-without-shadow\" style=\"\" >\r\n\t\t\t<div class=\"eut-standard-container\">\r\n\t\t\t<article id=\"post-83875\" class=\"eut-blog-item eut-small-post eut-non-isotope-item post-83875 post type-post status-publish format-standard has-post-thumbnail hentry category-noticia tag-benestar tag-seguretat-i-salut-en-el-treball tag-setmana-saludable\" itemscope itemType=\"http:\/\/schema.org\/BlogPosting\">\r\n\t\t\t\t\t\t\t\t\t\t\t<div class=\"eut-media eut-image-hover\">\r\n\t\t\t<a href=\"https:\/\/www.tauli.cat\/actualitat\/noticia\/2026\/04\/acollim-la-segona-jornada-de-la-seguretat-i-la-salut-en-el-treball\/\"><img width=\"800\" height=\"450\" src=\"https:\/\/www.tauli.cat\/actualitat\/wp-content\/uploads\/2026\/04\/Jornada_5-800x450.jpg\" class=\"attachment-eut-image-small-rect-horizontal-wide size-eut-image-small-rect-horizontal-wide wp-post-image\" alt=\"\" decoding=\"async\" loading=\"lazy\" srcset=\"https:\/\/www.tauli.cat\/actualitat\/wp-content\/uploads\/2026\/04\/Jornada_5-800x450.jpg 800w, https:\/\/www.tauli.cat\/actualitat\/wp-content\/uploads\/2026\/04\/Jornada_5-1170x658.jpg 1170w\" sizes=\"(max-width: 800px) 100vw, 800px\" \/><\/a>\r\n\t\t<\/div>\r\n\r\n\t\t\t\t\t\t\t\t\t\t\t<div class=\"eut-post-content\">\r\n\t\t\t\t\t\t\t<a href=\"https:\/\/www.tauli.cat\/actualitat\/noticia\/2026\/04\/acollim-la-segona-jornada-de-la-seguretat-i-la-salut-en-el-treball\/\" rel=\"bookmark\"><h5 class=\"eut-post-title\" itemprop=\"headline\"><span>Acollim la segona jornada de la seguretat i la salut en el treball<\/span><\/h5><\/a>\t\t\t\t\t\t\t\t\t<span class=\"eut-hidden\">\r\n\t\t\t<span class=\"eut-structured-data entry-title\">Acollim la segona jornada de la seguretat i la salut en el treball<\/span>\r\n\t\t\t<span class=\"eut-structured-data\" itemprop=\"image\" itemscope itemtype=\"http:\/\/schema.org\/ImageObject\">\r\n\t\t\t   <span itemprop='url' >https:\/\/www.tauli.cat\/actualitat\/wp-content\/uploads\/2026\/04\/Jornada_5-1200x800.jpg<\/span>\r\n\t\t\t   <span itemprop='height' >1080<\/span>\r\n\t\t\t   <span itemprop='width' >720<\/span>\r\n\t\t\t<\/span>\r\n\t\t\t\t\t\t<span class=\"eut-structured-data vcard author\" itemprop=\"author\" itemscope itemtype=\"http:\/\/schema.org\/Person\">\r\n\t\t\t\t<span itemprop=\"name\" class=\"fn\">Actualitat Parc Taul\u00ed<\/span>\r\n\t\t\t<\/span>\r\n\t\t\t<span class=\"eut-structured-data\" itemprop=\"publisher\" itemscope itemtype=\"http:\/\/schema.org\/Organization\">\r\n\t\t\t\t<span itemprop='name'>Actualitat Parc Taul\u00ed<\/span>\r\n\t\t\t\t<span itemprop='logo' itemscope itemtype='http:\/\/schema.org\/ImageObject'>\r\n\t\t\t\t\t<span itemprop='url'>https:\/\/www.tauli.cat\/actualitat\/wp-content\/uploads\/2026\/04\/Jornada_5-1200x800.jpg<\/span>\r\n\t\t\t\t<\/span>\r\n\t\t\t<\/span>\r\n\t\t\t\t\t\t<time class=\"eut-structured-data date published\" itemprop=\"datePublished\" datetime=\"2026-04-28T14:11:42+02:00\">28 d'abril 2026<\/time>\r\n\t\t\t<time class=\"eut-structured-data date updated\" itemprop=\"dateModified\"  datetime=\"2026-04-28T14:11:48+02:00\">28 d'abril 2026<\/time>\r\n\t\t\t<span class=\"eut-structured-data\" itemprop=\"mainEntityOfPage\" itemscope itemtype=\"http:\/\/schema.org\/WebPage\" itemid=\"https:\/\/www.tauli.cat\/actualitat\/noticia\/2026\/04\/acollim-la-segona-jornada-de-la-seguretat-i-la-salut-en-el-treball\/\"><\/span>\r\n\t\t<\/span>\r\n\t\t\t\t\t\t\t\t<div class=\"eut-small-text eut-post-meta\">\r\n\t\t\t\t\t\t\t\t\t\t\t\t\t\t\t\t\t<time class=\"eut-post-date\" datetime=\"2026-04-28T14:11:42+02:00\">\r\n\t\t28 d'abril 2026\t<\/time>\r\n\t\t\t\t\t\t\t\t\t\t\t\t\t\t\t<\/div>\r\n\t\t\t\t\t\t\t<div itemprop=\"articleBody\"><p>En el marc de la Setmana Saludable al Parc Taul\u00ed, s\u2019ha celebrat aquesta jornada per commemorar el Dia Internacional de la Seguretat i Salut en el Treball<\/p>\n<\/div>\t\t\t\t\t\t<\/div>\r\n\t\t\t\t\t\r\n\t\t\t\t\t\t\t<\/article>\r\n\r\n\t\t\t<article id=\"post-83221\" class=\"eut-blog-item eut-small-post eut-non-isotope-item post-83221 post type-post status-publish format-standard has-post-thumbnail hentry category-noticia tag-sant-jordi\" itemscope itemType=\"http:\/\/schema.org\/BlogPosting\">\r\n\t\t\t\t\t\t\t\t\t\t\t<div class=\"eut-media eut-image-hover\">\r\n\t\t\t<a href=\"https:\/\/www.tauli.cat\/actualitat\/noticia\/2026\/04\/el-parc-tauli-celebra-sant-jordi-amb-diferents-activitats-culturals\/\"><img width=\"800\" height=\"450\" src=\"https:\/\/www.tauli.cat\/actualitat\/wp-content\/uploads\/2026\/04\/Plantilla-Linkedin-_V2-Convocatoria-45-800x450.png\" class=\"attachment-eut-image-small-rect-horizontal-wide size-eut-image-small-rect-horizontal-wide wp-post-image\" alt=\"\" decoding=\"async\" loading=\"lazy\" \/><\/a>\r\n\t\t<\/div>\r\n\r\n\t\t\t\t\t\t\t\t\t\t\t<div class=\"eut-post-content\">\r\n\t\t\t\t\t\t\t<a href=\"https:\/\/www.tauli.cat\/actualitat\/noticia\/2026\/04\/el-parc-tauli-celebra-sant-jordi-amb-diferents-activitats-culturals\/\" rel=\"bookmark\"><h5 class=\"eut-post-title\" itemprop=\"headline\"><span>El Parc Taul\u00ed celebra Sant Jordi amb diferents activitats culturals<\/span><\/h5><\/a>\t\t\t\t\t\t\t\t\t<span class=\"eut-hidden\">\r\n\t\t\t<span class=\"eut-structured-data entry-title\">El Parc Taul\u00ed celebra Sant Jordi amb diferents activitats culturals<\/span>\r\n\t\t\t<span class=\"eut-structured-data\" itemprop=\"image\" itemscope itemtype=\"http:\/\/schema.org\/ImageObject\">\r\n\t\t\t   <span itemprop='url' >https:\/\/www.tauli.cat\/actualitat\/wp-content\/uploads\/2026\/04\/Plantilla-Linkedin-_V2-Convocatoria-45.png<\/span>\r\n\t\t\t   <span itemprop='height' >1080<\/span>\r\n\t\t\t   <span itemprop='width' >564<\/span>\r\n\t\t\t<\/span>\r\n\t\t\t\t\t\t<span class=\"eut-structured-data vcard author\" itemprop=\"author\" itemscope itemtype=\"http:\/\/schema.org\/Person\">\r\n\t\t\t\t<span itemprop=\"name\" class=\"fn\">Actualitat Parc Taul\u00ed<\/span>\r\n\t\t\t<\/span>\r\n\t\t\t<span class=\"eut-structured-data\" itemprop=\"publisher\" itemscope itemtype=\"http:\/\/schema.org\/Organization\">\r\n\t\t\t\t<span itemprop='name'>Actualitat Parc Taul\u00ed<\/span>\r\n\t\t\t\t<span itemprop='logo' itemscope itemtype='http:\/\/schema.org\/ImageObject'>\r\n\t\t\t\t\t<span itemprop='url'>https:\/\/www.tauli.cat\/actualitat\/wp-content\/uploads\/2026\/04\/Plantilla-Linkedin-_V2-Convocatoria-45.png<\/span>\r\n\t\t\t\t<\/span>\r\n\t\t\t<\/span>\r\n\t\t\t\t\t\t<time class=\"eut-structured-data date published\" itemprop=\"datePublished\" datetime=\"2026-04-23T12:58:23+02:00\">23 d'abril 2026<\/time>\r\n\t\t\t<time class=\"eut-structured-data date updated\" itemprop=\"dateModified\"  datetime=\"2026-04-24T07:39:41+02:00\">24 d'abril 2026<\/time>\r\n\t\t\t<span class=\"eut-structured-data\" itemprop=\"mainEntityOfPage\" itemscope itemtype=\"http:\/\/schema.org\/WebPage\" itemid=\"https:\/\/www.tauli.cat\/actualitat\/noticia\/2026\/04\/el-parc-tauli-celebra-sant-jordi-amb-diferents-activitats-culturals\/\"><\/span>\r\n\t\t<\/span>\r\n\t\t\t\t\t\t\t\t<div class=\"eut-small-text eut-post-meta\">\r\n\t\t\t\t\t\t\t\t\t\t\t\t\t\t\t\t\t<time class=\"eut-post-date\" datetime=\"2026-04-23T12:58:23+02:00\">\r\n\t\t23 d'abril 2026\t<\/time>\r\n\t\t\t\t\t\t\t\t\t\t\t\t\t\t\t<\/div>\r\n\t\t\t\t\t\t\t<div itemprop=\"articleBody\"><p>[vc_row][vc_column][vc_column_text]La diada de Sant Jordi \u00e9s una jornada plena d\u2019alegria i activitats culturals. Al Parc Taul\u00ed, i m\u00e9s concretament a l\u2019Hospital de Dia i a la Unitat de Crisis d\u2019Adolescents (UCA) del Servei de Salut Mental Infantojuvenil, la celebraci\u00f3 de Sant Jordi \u00e9s present des de fa m\u00e9s d\u2019un mes. Els adolescents de les \u00e0rees&hellip;<\/p><\/div>\t\t\t\t\t\t<\/div>\r\n\t\t\t\t\t\r\n\t\t\t\t\t\t\t<\/article>\r\n\r\n\t\t\t<article id=\"post-83019\" class=\"eut-blog-item eut-small-post eut-non-isotope-item post-83019 post type-post status-publish format-standard has-post-thumbnail hentry category-noticia\" itemscope itemType=\"http:\/\/schema.org\/BlogPosting\">\r\n\t\t\t\t\t\t\t\t\t\t\t<div class=\"eut-media eut-image-hover\">\r\n\t\t\t<a href=\"https:\/\/www.tauli.cat\/actualitat\/noticia\/2026\/04\/lhospital-de-dia-de-salut-mental-infantojuvenil-i-la-unitat-dhospitalitzacio-dadolescents-reben-una-donacio-de-llibres-de-ripollet-radio\/\"><img width=\"800\" height=\"450\" src=\"https:\/\/www.tauli.cat\/actualitat\/wp-content\/uploads\/2026\/04\/Donacio-llibres1-800x450.jpg\" class=\"attachment-eut-image-small-rect-horizontal-wide size-eut-image-small-rect-horizontal-wide wp-post-image\" alt=\"Donaci\u00f3 Llibres Ripollet R\u00e0dio\" decoding=\"async\" loading=\"lazy\" \/><\/a>\r\n\t\t<\/div>\r\n\r\n\t\t\t\t\t\t\t\t\t\t\t<div class=\"eut-post-content\">\r\n\t\t\t\t\t\t\t<a href=\"https:\/\/www.tauli.cat\/actualitat\/noticia\/2026\/04\/lhospital-de-dia-de-salut-mental-infantojuvenil-i-la-unitat-dhospitalitzacio-dadolescents-reben-una-donacio-de-llibres-de-ripollet-radio\/\" rel=\"bookmark\"><h5 class=\"eut-post-title\" itemprop=\"headline\"><span>L\u2019Hospital de Dia de salut mental infantojuvenil i la Unitat d\u2019Hospitalitzaci\u00f3 d\u2019Adolescents reben una donaci\u00f3 de llibres de Ripollet R\u00e0dio<\/span><\/h5><\/a>\t\t\t\t\t\t\t\t\t<span class=\"eut-hidden\">\r\n\t\t\t<span class=\"eut-structured-data entry-title\">L\u2019Hospital de Dia de salut mental infantojuvenil i la Unitat d\u2019Hospitalitzaci\u00f3 d\u2019Adolescents reben una donaci\u00f3 de llibres de Ripollet R\u00e0dio<\/span>\r\n\t\t\t<span class=\"eut-structured-data\" itemprop=\"image\" itemscope itemtype=\"http:\/\/schema.org\/ImageObject\">\r\n\t\t\t   <span itemprop='url' >https:\/\/www.tauli.cat\/actualitat\/wp-content\/uploads\/2026\/04\/Donacio-llibres1.jpg<\/span>\r\n\t\t\t   <span itemprop='height' >1000<\/span>\r\n\t\t\t   <span itemprop='width' >667<\/span>\r\n\t\t\t<\/span>\r\n\t\t\t\t\t\t<span class=\"eut-structured-data vcard author\" itemprop=\"author\" itemscope itemtype=\"http:\/\/schema.org\/Person\">\r\n\t\t\t\t<span itemprop=\"name\" class=\"fn\">Actualitat Parc Taul\u00ed<\/span>\r\n\t\t\t<\/span>\r\n\t\t\t<span class=\"eut-structured-data\" itemprop=\"publisher\" itemscope itemtype=\"http:\/\/schema.org\/Organization\">\r\n\t\t\t\t<span itemprop='name'>Actualitat Parc Taul\u00ed<\/span>\r\n\t\t\t\t<span itemprop='logo' itemscope itemtype='http:\/\/schema.org\/ImageObject'>\r\n\t\t\t\t\t<span itemprop='url'>https:\/\/www.tauli.cat\/actualitat\/wp-content\/uploads\/2026\/04\/Donacio-llibres1.jpg<\/span>\r\n\t\t\t\t<\/span>\r\n\t\t\t<\/span>\r\n\t\t\t\t\t\t<time class=\"eut-structured-data date published\" itemprop=\"datePublished\" datetime=\"2026-04-22T16:23:54+02:00\">22 d'abril 2026<\/time>\r\n\t\t\t<time class=\"eut-structured-data date updated\" itemprop=\"dateModified\"  datetime=\"2026-04-22T16:23:54+02:00\">22 d'abril 2026<\/time>\r\n\t\t\t<span class=\"eut-structured-data\" itemprop=\"mainEntityOfPage\" itemscope itemtype=\"http:\/\/schema.org\/WebPage\" itemid=\"https:\/\/www.tauli.cat\/actualitat\/noticia\/2026\/04\/lhospital-de-dia-de-salut-mental-infantojuvenil-i-la-unitat-dhospitalitzacio-dadolescents-reben-una-donacio-de-llibres-de-ripollet-radio\/\"><\/span>\r\n\t\t<\/span>\r\n\t\t\t\t\t\t\t\t<div class=\"eut-small-text eut-post-meta\">\r\n\t\t\t\t\t\t\t\t\t\t\t\t\t\t\t\t\t<time class=\"eut-post-date\" datetime=\"2026-04-22T16:23:54+02:00\">\r\n\t\t22 d'abril 2026\t<\/time>\r\n\t\t\t\t\t\t\t\t\t\t\t\t\t\t\t<\/div>\r\n\t\t\t\t\t\t\t<div itemprop=\"articleBody\"><p>\u25cf\tEl programa \u201cTemps de llibres\u201d, dirigit per Antonio Lozano, va organitzar una recollida de llibres, contes i jocs educatius nous en el marc de La Marat\u00f3 3Cat<\/p>\n<\/div>\t\t\t\t\t\t<\/div>\r\n\t\t\t\t\t\r\n\t\t\t\t\t\t\t<\/article>\r\n\r\n\t\t\t<article id=\"post-82925\" class=\"eut-blog-item eut-small-post eut-non-isotope-item post-82925 post type-post status-publish format-standard has-post-thumbnail hentry category-noticia tag-eir tag-formacio-sanitaria-especialitzada tag-infermeria tag-residencia\" itemscope itemType=\"http:\/\/schema.org\/BlogPosting\">\r\n\t\t\t\t\t\t\t\t\t\t\t<div class=\"eut-media eut-image-hover\">\r\n\t\t\t<a href=\"https:\/\/www.tauli.cat\/actualitat\/noticia\/2026\/04\/comiat-de-les-residents-dinfermeria-de-la-promocio-2024-2026\/\"><img width=\"800\" height=\"450\" src=\"https:\/\/www.tauli.cat\/actualitat\/wp-content\/uploads\/2026\/04\/EIR_1-800x450.jpg\" class=\"attachment-eut-image-small-rect-horizontal-wide size-eut-image-small-rect-horizontal-wide wp-post-image\" alt=\"\" decoding=\"async\" loading=\"lazy\" srcset=\"https:\/\/www.tauli.cat\/actualitat\/wp-content\/uploads\/2026\/04\/EIR_1-800x450.jpg 800w, https:\/\/www.tauli.cat\/actualitat\/wp-content\/uploads\/2026\/04\/EIR_1-1170x658.jpg 1170w\" sizes=\"(max-width: 800px) 100vw, 800px\" \/><\/a>\r\n\t\t<\/div>\r\n\r\n\t\t\t\t\t\t\t\t\t\t\t<div class=\"eut-post-content\">\r\n\t\t\t\t\t\t\t<a href=\"https:\/\/www.tauli.cat\/actualitat\/noticia\/2026\/04\/comiat-de-les-residents-dinfermeria-de-la-promocio-2024-2026\/\" rel=\"bookmark\"><h5 class=\"eut-post-title\" itemprop=\"headline\"><span>Comiat de les residents d\u2019Infermeria de la promoci\u00f3 2024-2026<\/span><\/h5><\/a>\t\t\t\t\t\t\t\t\t<span class=\"eut-hidden\">\r\n\t\t\t<span class=\"eut-structured-data entry-title\">Comiat de les residents d\u2019Infermeria de la promoci\u00f3 2024-2026<\/span>\r\n\t\t\t<span class=\"eut-structured-data\" itemprop=\"image\" itemscope itemtype=\"http:\/\/schema.org\/ImageObject\">\r\n\t\t\t   <span itemprop='url' >https:\/\/www.tauli.cat\/actualitat\/wp-content\/uploads\/2026\/04\/EIR_1-1200x800.jpg<\/span>\r\n\t\t\t   <span itemprop='height' >1080<\/span>\r\n\t\t\t   <span itemprop='width' >720<\/span>\r\n\t\t\t<\/span>\r\n\t\t\t\t\t\t<span class=\"eut-structured-data vcard author\" itemprop=\"author\" itemscope itemtype=\"http:\/\/schema.org\/Person\">\r\n\t\t\t\t<span itemprop=\"name\" class=\"fn\">Actualitat Parc Taul\u00ed<\/span>\r\n\t\t\t<\/span>\r\n\t\t\t<span class=\"eut-structured-data\" itemprop=\"publisher\" itemscope itemtype=\"http:\/\/schema.org\/Organization\">\r\n\t\t\t\t<span itemprop='name'>Actualitat Parc Taul\u00ed<\/span>\r\n\t\t\t\t<span itemprop='logo' itemscope itemtype='http:\/\/schema.org\/ImageObject'>\r\n\t\t\t\t\t<span itemprop='url'>https:\/\/www.tauli.cat\/actualitat\/wp-content\/uploads\/2026\/04\/EIR_1-1200x800.jpg<\/span>\r\n\t\t\t\t<\/span>\r\n\t\t\t<\/span>\r\n\t\t\t\t\t\t<time class=\"eut-structured-data date published\" itemprop=\"datePublished\" datetime=\"2026-04-21T15:34:37+02:00\">21 d'abril 2026<\/time>\r\n\t\t\t<time class=\"eut-structured-data date updated\" itemprop=\"dateModified\"  datetime=\"2026-04-22T07:58:20+02:00\">22 d'abril 2026<\/time>\r\n\t\t\t<span class=\"eut-structured-data\" itemprop=\"mainEntityOfPage\" itemscope itemtype=\"http:\/\/schema.org\/WebPage\" itemid=\"https:\/\/www.tauli.cat\/actualitat\/noticia\/2026\/04\/comiat-de-les-residents-dinfermeria-de-la-promocio-2024-2026\/\"><\/span>\r\n\t\t<\/span>\r\n\t\t\t\t\t\t\t\t<div class=\"eut-small-text eut-post-meta\">\r\n\t\t\t\t\t\t\t\t\t\t\t\t\t\t\t\t\t<time class=\"eut-post-date\" datetime=\"2026-04-21T15:34:37+02:00\">\r\n\t\t21 d'abril 2026\t<\/time>\r\n\t\t\t\t\t\t\t\t\t\t\t\t\t\t\t<\/div>\r\n\t\t\t\t\t\t\t<div itemprop=\"articleBody\"><p>El Parc Taul\u00ed disposa de diferents programes de Formaci\u00f3 Sanit\u00e0ria Especialitzada en l\u2019\u00e0mbit de la infermeria<\/p>\n<\/div>\t\t\t\t\t\t<\/div>\r\n\t\t\t\t\t\r\n\t\t\t\t\t\t\t<\/article>\r\n\r\n\t\t\t<article id=\"post-82829\" class=\"eut-blog-item eut-small-post eut-non-isotope-item post-82829 post type-post status-publish format-standard has-post-thumbnail hentry category-noticia\" itemscope itemType=\"http:\/\/schema.org\/BlogPosting\">\r\n\t\t\t\t\t\t\t\t\t\t\t<div class=\"eut-media eut-image-hover\">\r\n\t\t\t<a href=\"https:\/\/www.tauli.cat\/actualitat\/noticia\/2026\/04\/exit-de-la-xliii-diada-pneumologica\/\"><img width=\"800\" height=\"450\" src=\"https:\/\/www.tauli.cat\/actualitat\/wp-content\/uploads\/2026\/04\/WhatsApp-Image-2026-04-20-at-11.33.58-1-800x450.jpeg\" class=\"attachment-eut-image-small-rect-horizontal-wide size-eut-image-small-rect-horizontal-wide wp-post-image\" alt=\"Diada Pneumol\u00f2gica\" decoding=\"async\" loading=\"lazy\" srcset=\"https:\/\/www.tauli.cat\/actualitat\/wp-content\/uploads\/2026\/04\/WhatsApp-Image-2026-04-20-at-11.33.58-1-800x450.jpeg 800w, https:\/\/www.tauli.cat\/actualitat\/wp-content\/uploads\/2026\/04\/WhatsApp-Image-2026-04-20-at-11.33.58-1-1170x658.jpeg 1170w\" sizes=\"(max-width: 800px) 100vw, 800px\" \/><\/a>\r\n\t\t<\/div>\r\n\r\n\t\t\t\t\t\t\t\t\t\t\t<div class=\"eut-post-content\">\r\n\t\t\t\t\t\t\t<a href=\"https:\/\/www.tauli.cat\/actualitat\/noticia\/2026\/04\/exit-de-la-xliii-diada-pneumologica\/\" rel=\"bookmark\"><h5 class=\"eut-post-title\" itemprop=\"headline\"><span>\u00c8xit de la XLIII Diada Pneumol\u00f2gica<\/span><\/h5><\/a>\t\t\t\t\t\t\t\t\t<span class=\"eut-hidden\">\r\n\t\t\t<span class=\"eut-structured-data entry-title\">\u00c8xit de la XLIII Diada Pneumol\u00f2gica<\/span>\r\n\t\t\t<span class=\"eut-structured-data\" itemprop=\"image\" itemscope itemtype=\"http:\/\/schema.org\/ImageObject\">\r\n\t\t\t   <span itemprop='url' >https:\/\/www.tauli.cat\/actualitat\/wp-content\/uploads\/2026\/04\/WhatsApp-Image-2026-04-20-at-11.33.58-1-1200x900.jpeg<\/span>\r\n\t\t\t   <span itemprop='height' >1080<\/span>\r\n\t\t\t   <span itemprop='width' >810<\/span>\r\n\t\t\t<\/span>\r\n\t\t\t\t\t\t<span class=\"eut-structured-data vcard author\" itemprop=\"author\" itemscope itemtype=\"http:\/\/schema.org\/Person\">\r\n\t\t\t\t<span itemprop=\"name\" class=\"fn\">Actualitat Parc Taul\u00ed<\/span>\r\n\t\t\t<\/span>\r\n\t\t\t<span class=\"eut-structured-data\" itemprop=\"publisher\" itemscope itemtype=\"http:\/\/schema.org\/Organization\">\r\n\t\t\t\t<span itemprop='name'>Actualitat Parc Taul\u00ed<\/span>\r\n\t\t\t\t<span itemprop='logo' itemscope itemtype='http:\/\/schema.org\/ImageObject'>\r\n\t\t\t\t\t<span itemprop='url'>https:\/\/www.tauli.cat\/actualitat\/wp-content\/uploads\/2026\/04\/WhatsApp-Image-2026-04-20-at-11.33.58-1-1200x900.jpeg<\/span>\r\n\t\t\t\t<\/span>\r\n\t\t\t<\/span>\r\n\t\t\t\t\t\t<time class=\"eut-structured-data date published\" itemprop=\"datePublished\" datetime=\"2026-04-20T13:36:04+02:00\">20 d'abril 2026<\/time>\r\n\t\t\t<time class=\"eut-structured-data date updated\" itemprop=\"dateModified\"  datetime=\"2026-04-20T13:36:04+02:00\">20 d'abril 2026<\/time>\r\n\t\t\t<span class=\"eut-structured-data\" itemprop=\"mainEntityOfPage\" itemscope itemtype=\"http:\/\/schema.org\/WebPage\" itemid=\"https:\/\/www.tauli.cat\/actualitat\/noticia\/2026\/04\/exit-de-la-xliii-diada-pneumologica\/\"><\/span>\r\n\t\t<\/span>\r\n\t\t\t\t\t\t\t\t<div class=\"eut-small-text eut-post-meta\">\r\n\t\t\t\t\t\t\t\t\t\t\t\t\t\t\t\t\t<time class=\"eut-post-date\" datetime=\"2026-04-20T13:36:04+02:00\">\r\n\t\t20 d'abril 2026\t<\/time>\r\n\t\t\t\t\t\t\t\t\t\t\t\t\t\t\t<\/div>\r\n\t\t\t\t\t\t\t<div itemprop=\"articleBody\"><p>El servei de Pneumologia del Parc Taul\u00ed i la Societat Catalana de Pneumologia han estat els organitzadors de la XLIII Diada, que es va celebrar del 16 al 18 d\u2019abril a Fira Sabadell<\/p>\n<\/div>\t\t\t\t\t\t<\/div>\r\n\t\t\t\t\t\r\n\t\t\t\t\t\t\t<\/article>\r\n\r\n\t\t\t<article id=\"post-82188\" class=\"eut-blog-item eut-small-post eut-non-isotope-item post-82188 post type-post status-publish format-standard has-post-thumbnail hentry category-noticia tag-seguretat-del-pacient tag-servei-de-laboratoris-clinics tag-tracabilitat\" itemscope itemType=\"http:\/\/schema.org\/BlogPosting\">\r\n\t\t\t\t\t\t\t\t\t\t\t<div class=\"eut-media eut-image-hover\">\r\n\t\t\t<a href=\"https:\/\/www.tauli.cat\/actualitat\/noticia\/2026\/04\/el-parc-tauli-pioner-en-la-seguretat-del-pacient-i-en-la-tracabilitat-de-les-extraccions-de-mostres-de-sang\/\"><img width=\"800\" height=\"450\" src=\"https:\/\/www.tauli.cat\/actualitat\/wp-content\/uploads\/2026\/04\/Laboratori_Code_System-800x450.jpg\" class=\"attachment-eut-image-small-rect-horizontal-wide size-eut-image-small-rect-horizontal-wide wp-post-image\" alt=\"\" decoding=\"async\" loading=\"lazy\" srcset=\"https:\/\/www.tauli.cat\/actualitat\/wp-content\/uploads\/2026\/04\/Laboratori_Code_System-800x450.jpg 800w, https:\/\/www.tauli.cat\/actualitat\/wp-content\/uploads\/2026\/04\/Laboratori_Code_System-1170x658.jpg 1170w\" sizes=\"(max-width: 800px) 100vw, 800px\" \/><\/a>\r\n\t\t<\/div>\r\n\r\n\t\t\t\t\t\t\t\t\t\t\t<div class=\"eut-post-content\">\r\n\t\t\t\t\t\t\t<a href=\"https:\/\/www.tauli.cat\/actualitat\/noticia\/2026\/04\/el-parc-tauli-pioner-en-la-seguretat-del-pacient-i-en-la-tracabilitat-de-les-extraccions-de-mostres-de-sang\/\" rel=\"bookmark\"><h5 class=\"eut-post-title\" itemprop=\"headline\"><span>El Parc Taul\u00ed, pioner en la seguretat del pacient i en la tra\u00e7abilitat de les extraccions de mostres de sang<\/span><\/h5><\/a>\t\t\t\t\t\t\t\t\t<span class=\"eut-hidden\">\r\n\t\t\t<span class=\"eut-structured-data entry-title\">El Parc Taul\u00ed, pioner en la seguretat del pacient i en la tra\u00e7abilitat de les extraccions de mostres de sang<\/span>\r\n\t\t\t<span class=\"eut-structured-data\" itemprop=\"image\" itemscope itemtype=\"http:\/\/schema.org\/ImageObject\">\r\n\t\t\t   <span itemprop='url' >https:\/\/www.tauli.cat\/actualitat\/wp-content\/uploads\/2026\/04\/Laboratori_Code_System-1200x800.jpg<\/span>\r\n\t\t\t   <span itemprop='height' >1080<\/span>\r\n\t\t\t   <span itemprop='width' >720<\/span>\r\n\t\t\t<\/span>\r\n\t\t\t\t\t\t<span class=\"eut-structured-data vcard author\" itemprop=\"author\" itemscope itemtype=\"http:\/\/schema.org\/Person\">\r\n\t\t\t\t<span itemprop=\"name\" class=\"fn\">Actualitat Parc Taul\u00ed<\/span>\r\n\t\t\t<\/span>\r\n\t\t\t<span class=\"eut-structured-data\" itemprop=\"publisher\" itemscope itemtype=\"http:\/\/schema.org\/Organization\">\r\n\t\t\t\t<span itemprop='name'>Actualitat Parc Taul\u00ed<\/span>\r\n\t\t\t\t<span itemprop='logo' itemscope itemtype='http:\/\/schema.org\/ImageObject'>\r\n\t\t\t\t\t<span itemprop='url'>https:\/\/www.tauli.cat\/actualitat\/wp-content\/uploads\/2026\/04\/Laboratori_Code_System-1200x800.jpg<\/span>\r\n\t\t\t\t<\/span>\r\n\t\t\t<\/span>\r\n\t\t\t\t\t\t<time class=\"eut-structured-data date published\" itemprop=\"datePublished\" datetime=\"2026-04-14T08:05:37+02:00\">14 d'abril 2026<\/time>\r\n\t\t\t<time class=\"eut-structured-data date updated\" itemprop=\"dateModified\"  datetime=\"2026-04-14T08:05:37+02:00\">14 d'abril 2026<\/time>\r\n\t\t\t<span class=\"eut-structured-data\" itemprop=\"mainEntityOfPage\" itemscope itemtype=\"http:\/\/schema.org\/WebPage\" itemid=\"https:\/\/www.tauli.cat\/actualitat\/noticia\/2026\/04\/el-parc-tauli-pioner-en-la-seguretat-del-pacient-i-en-la-tracabilitat-de-les-extraccions-de-mostres-de-sang\/\"><\/span>\r\n\t\t<\/span>\r\n\t\t\t\t\t\t\t\t<div class=\"eut-small-text eut-post-meta\">\r\n\t\t\t\t\t\t\t\t\t\t\t\t\t\t\t\t\t<time class=\"eut-post-date\" datetime=\"2026-04-14T08:05:37+02:00\">\r\n\t\t14 d'abril 2026\t<\/time>\r\n\t\t\t\t\t\t\t\t\t\t\t\t\t\t\t<\/div>\r\n\t\t\t\t\t\t\t<div itemprop=\"articleBody\"><p>El Servei de Laboratoris Cl\u00ednics ha implementat una metodologia digital que millora l&#8217;efici\u00e8ncia operativa del proc\u00e9s anal\u00edtic i refor\u00e7a la seguretat i l\u2019excel\u00b7l\u00e8ncia en l\u2019atenci\u00f3 a l\u2019usuari.<\/p>\n<\/div>\t\t\t\t\t\t<\/div>\r\n\t\t\t\t\t\r\n\t\t\t\t\t\t\t<\/article>\r\n\r\n\t\t\t<\/div>\r\n<div class=\"eut-pagination\"><ul class='page-numbers'>\n\t<li><span aria-current=\"page\" class=\"page-numbers current\">1<\/span><\/li>\n\t<li><a class=\"page-numbers\" href=\"https:\/\/www.tauli.cat\/actualitat\/wp-json\/wp\/v2\/pages\/3920\/page\/2\/\">2<\/a><\/li>\n\t<li><a class=\"page-numbers\" href=\"https:\/\/www.tauli.cat\/actualitat\/wp-json\/wp\/v2\/pages\/3920\/page\/3\/\">3<\/a><\/li>\n\t<li><span class=\"page-numbers dots\">&hellip;<\/span><\/li>\n\t<li><a class=\"page-numbers\" href=\"https:\/\/www.tauli.cat\/actualitat\/wp-json\/wp\/v2\/pages\/3920\/page\/160\/\">160<\/a><\/li>\n\t<li><a class=\"next page-numbers\" href=\"https:\/\/www.tauli.cat\/actualitat\/wp-json\/wp\/v2\/pages\/3920\/page\/2\/\"><i class=\"eut-icon-nav-right\"><\/i><\/a><\/li>\n<\/ul>\n<\/div>\t\t<\/div>\r\n[\/vc_column][\/vc_row][vc_row][vc_column width=&#8221;2\/3&#8243;][vc_widget_sidebar sidebar_id=&#8221;eut_sidebar_6139ebb42c916&#8243;][\/vc_column][vc_column width=&#8221;1\/3&#8243;][\/vc_column][\/vc_row]<\/p>\n","protected":false},"excerpt":{"rendered":"<p>[vc_row][vc_column][\/vc_column][\/vc_row][vc_row][vc_column width=&#8221;2\/3&#8243;][vc_widget_sidebar sidebar_id=&#8221;eut_sidebar_6139ebb42c916&#8243;][\/vc_column][vc_column width=&#8221;1\/3&#8243;][\/vc_column][\/vc_row]<\/p>\n","protected":false},"author":1,"featured_media":0,"parent":0,"menu_order":0,"comment_status":"closed","ping_status":"closed","template":"","meta":[],"_links":{"self":[{"href":"https:\/\/www.tauli.cat\/actualitat\/wp-json\/wp\/v2\/pages\/3920"}],"collection":[{"href":"https:\/\/www.tauli.cat\/actualitat\/wp-json\/wp\/v2\/pages"}],"about":[{"href":"https:\/\/www.tauli.cat\/actualitat\/wp-json\/wp\/v2\/types\/page"}],"author":[{"embeddable":true,"href":"https:\/\/www.tauli.cat\/actualitat\/wp-json\/wp\/v2\/users\/1"}],"replies":[{"embeddable":true,"href":"https:\/\/www.tauli.cat\/actualitat\/wp-json\/wp\/v2\/comments?post=3920"}],"version-history":[{"count":6,"href":"https:\/\/www.tauli.cat\/actualitat\/wp-json\/wp\/v2\/pages\/3920\/revisions"}],"predecessor-version":[{"id":67177,"href":"https:\/\/www.tauli.cat\/actualitat\/wp-json\/wp\/v2\/pages\/3920\/revisions\/67177"}],"wp:attachment":[{"href":"https:\/\/www.tauli.cat\/actualitat\/wp-json\/wp\/v2\/media?parent=3920"}],"curies":[{"name":"wp","href":"https:\/\/api.w.org\/{rel}","templated":true}]}}