{"id":37525,"date":"2024-12-18T09:43:41","date_gmt":"2024-12-18T08:43:41","guid":{"rendered":"https:\/\/www.tauli.cat\/actualitat\/?post_type=tribe_events&#038;p=37525"},"modified":"2024-12-18T09:43:49","modified_gmt":"2024-12-18T08:43:49","slug":"xiii-congres-de-la-societat-catalano-balear-de-cures-palliatives","status":"publish","type":"tribe_events","link":"https:\/\/www.tauli.cat\/actualitat\/agenda\/xiii-congres-de-la-societat-catalano-balear-de-cures-palliatives\/","title":{"rendered":"XIII Congr\u00e9s de la Societat Catalano-Balear de Cures Pal\u00b7liatives"},"content":{"rendered":"<p data-pm-slice=\"1 1 []\">El m\u00f3n de la salut \u00e9s din\u00e0mic <em>per se<\/em>, per\u00f2 en l\u2019actualitat aquest dinamisme s\u2019ha intensificat perqu\u00e8 les necessitats de les persones, la forma d\u2019atendre-les, la planificaci\u00f3 i distribuci\u00f3 dels recursos tamb\u00e9 est\u00e0 canviant.<\/p>\n<p>En aquesta situaci\u00f3, \u00e9s adequat que el m\u00f3n de les cures pal\u00b7liatives faci una reflexi\u00f3 de com enfocar aquests nous temps, des de la criticitat, sense oblidar els valors que conformen el que \u201csom i serem\u201d.<\/p>\n<p>Per posar valor aquesta orientaci\u00f3, es construeix el congr\u00e9s de la Societat Catalano-Balear de Cures Pal\u00b7liatives a Sabadell, els dies 21 i 22 de febrer de 2025. Un congr\u00e9s innovador tant des del punt de vista dels continguts, com la presentaci\u00f3 d&#8217;aquests.<\/p>\n<p>Volem un congr\u00e9s que arrisqui en els plantejaments, posicionaments, implicacions, resolucions i conclusions. Volem que doni resposta a una s\u00e8rie de preguntes, com:<\/p>\n<ul>\n<li>Les cures pal\u00b7liatives s\u00f3n palanca de canvi?<\/li>\n<li>Quina \u00e9s la dimensi\u00f3 de les cures pal\u00b7liatives d\u2019avui?<\/li>\n<li>Tenim capacitat d\u2019innovar?<\/li>\n<li>Estem reconeguts acad\u00e8micament?<\/li>\n<li>Som atractius a les generacions futures?<\/li>\n<\/ul>\n<p>Aquestes i altres preguntes han mogut al comit\u00e8 cient\u00edfic a definir un programa coherent amb el lema del congr\u00e9s: \u201cDibuixem el nostre futur des d\u2019una mirada transformadora\u201d. I en el mateix sentit, el comit\u00e8 organitzador s\u2019ha proposat aconseguir que la ciutat de Sabadell visqui les cures pal\u00b7liatives durant dos dies, ja sigui compartint activitats, com acollint als i les congressistes.<\/p>\n","protected":false},"excerpt":{"rendered":"<p>Es tracta d\u2019unes sessions adre\u00e7ades als professionals assistencials que tenen per objectiu crear sinergies amb associacions de pacients i familiars i presentar experi\u00e8ncies innovadores del camp de les cures pal\u00b7liatives. <\/p>\n","protected":false},"author":12,"featured_media":37526,"comment_status":"open","ping_status":"closed","template":"","meta":[],"tags":[879,905,1083,1177],"tribe_events_cat":[999],"_links":{"self":[{"href":"https:\/\/www.tauli.cat\/actualitat\/wp-json\/wp\/v2\/tribe_events\/37525"}],"collection":[{"href":"https:\/\/www.tauli.cat\/actualitat\/wp-json\/wp\/v2\/tribe_events"}],"about":[{"href":"https:\/\/www.tauli.cat\/actualitat\/wp-json\/wp\/v2\/types\/tribe_events"}],"author":[{"embeddable":true,"href":"https:\/\/www.tauli.cat\/actualitat\/wp-json\/wp\/v2\/users\/12"}],"replies":[{"embeddable":true,"href":"https:\/\/www.tauli.cat\/actualitat\/wp-json\/wp\/v2\/comments?post=37525"}],"version-history":[{"count":2,"href":"https:\/\/www.tauli.cat\/actualitat\/wp-json\/wp\/v2\/tribe_events\/37525\/revisions"}],"predecessor-version":[{"id":37531,"href":"https:\/\/www.tauli.cat\/actualitat\/wp-json\/wp\/v2\/tribe_events\/37525\/revisions\/37531"}],"wp:featuredmedia":[{"embeddable":true,"href":"https:\/\/www.tauli.cat\/actualitat\/wp-json\/wp\/v2\/media\/37526"}],"wp:attachment":[{"href":"https:\/\/www.tauli.cat\/actualitat\/wp-json\/wp\/v2\/media?parent=37525"}],"wp:term":[{"taxonomy":"post_tag","embeddable":true,"href":"https:\/\/www.tauli.cat\/actualitat\/wp-json\/wp\/v2\/tags?post=37525"},{"taxonomy":"tribe_events_cat","embeddable":true,"href":"https:\/\/www.tauli.cat\/actualitat\/wp-json\/wp\/v2\/tribe_events_cat?post=37525"}],"curies":[{"name":"wp","href":"https:\/\/api.w.org\/{rel}","templated":true}]}}